{"id":9379,"date":"2018-06-04T10:01:33","date_gmt":"2018-06-04T10:01:33","guid":{"rendered":"https:\/\/e-twow.com\/privacy-policy\/"},"modified":"2020-04-07T06:55:14","modified_gmt":"2020-04-07T06:55:14","slug":"adatvedelmi-politika","status":"publish","type":"page","link":"https:\/\/e-twow.com\/hu\/adatvedelmi-politika\/","title":{"rendered":"Adatv\u00e9delmi politika"},"content":{"rendered":"<section class=\"l-section wpb_row height_small\"><div class=\"l-section-h i-cf\"><div class=\"g-cols vc_row via_flex valign_top type_default stacking_default\"><div class=\"vc_col-sm-12 wpb_column vc_column_container\"><div class=\"vc_column-inner\"><div class=\"wpb_wrapper\"><div class=\"wpb_text_column\"><div class=\"wpb_wrapper\"><div id=\"ppBody\">\n<div class=\"innerText\">\n<h3>Adatv\u00e9delmi politika<\/h3>\n<p>Ezt az adatv\u00e9delmi politik\u00e1t \u00fagy fejlesztett\u00e9k ki, hogy jobban szolg\u00e1lja azokat, akik agg\u00f3dnak a &#8220;Szem\u00e9lyes azonos\u00edt\u00f3 inform\u00e1ci\u00f3k&#8221; (PII) online m\u00f3dj\u00e1nak felhaszn\u00e1l\u00e1sa miatt. A PII, az Egyes\u00fclt \u00c1llamok adatv\u00e9delmi t\u00f6rv\u00e9ny\u00e9nek \u00e9s inform\u00e1ci\u00f3biztons\u00e1g\u00e1nak megfelel\u0151en, olyan inform\u00e1ci\u00f3, amelyet egy vagy m\u00e1s inform\u00e1ci\u00f3 felhaszn\u00e1lhat egyetlen szem\u00e9ly azonos\u00edt\u00e1s\u00e1ra, kapcsolattart\u00e1s\u00e1ra vagy lokaliz\u00e1l\u00e1s\u00e1ra, vagy egy szem\u00e9ly azonos\u00edt\u00e1s\u00e1ra a kontextusban. K\u00e9rj\u00fck, figyelmesen olvassa el adatv\u00e9delmi politik\u00e1nkat, hogy vil\u00e1gosan meg\u00e9rtse, hogyan gy\u0171jtj\u00fck, haszn\u00e1ljuk, v\u00e9dj\u00fck vagy m\u00e1s m\u00f3don kezelj\u00fck szem\u00e9lyes azonos\u00edt\u00f3 adatait, a webhely\u00fcnkkel \u00f6sszhangban.<\/p>\n<p><strong>Milyen szem\u00e9lyes inform\u00e1ci\u00f3kat gy\u0171jt\u00fcnk emberekt\u0151l, akik megl\u00e1togatj\u00e1k blogunkat, webhely\u00fcnket vagy alkalmaz\u00e1sunkat?<\/strong><\/p>\n<p>A weboldalon t\u00f6rt\u00e9n\u0151 megrendel\u00e9skor vagy regisztr\u00e1ci\u00f3kor, esett\u0151l f\u00fcgg\u0151en, felk\u00e9rj\u00fck \u00edrja be a nev\u00e9t, e-mail c\u00edm\u00e9t, telefonsz\u00e1m\u00e1t vagy egy\u00e9b adatait, amelyek t\u00e1mogatj\u00e1k a tapasztalatainkat.<\/p>\n<p><strong>Mikor gy\u0171jt\u00fcnk inform\u00e1ci\u00f3kat?<\/strong><\/p>\n<p>Inform\u00e1ci\u00f3kat gy\u0171jt\u00fcnk, amikor feliratkozik egy h\u00edrlev\u00e9lre, kit\u00f6lti az \u0171rlapot vagy megadja az inform\u00e1ci\u00f3kat weboldalunkon.<\/p>\n<p>&nbsp;<\/p>\n<p><strong>Hogyan haszn\u00e1ljuk fel az \u00d6n adatait?<\/strong><\/p>\n<p>Haszn\u00e1lhatjuk az \u00d6nt\u0151l gy\u0171jt\u00f6tt inform\u00e1ci\u00f3kat, amikor regisztr\u00e1l, v\u00e1s\u00e1rol, feliratkozik h\u00edrlevel\u00fcnkre, v\u00e1laszol egy felm\u00e9r\u00e9sre vagy marketingkommunik\u00e1ci\u00f3ra, b\u00f6ng\u00e9szi a weboldalt vagy haszn\u00e1lja a webhely bizonyos egy\u00e9b funkci\u00f3it a k\u00f6vetkez\u0151 m\u00f3don:<\/p>\n<ul>\n<li>Hogy szem\u00e9lyre szabhassuk tapasztalatait, \u00e9s lehet\u0151v\u00e9 tegye sz\u00e1munkra, hogy sz\u00e1ll\u00edtsuk az \u00d6n sz\u00e1m\u00e1ra legink\u00e1bb \u00e9rdekes tartalom \u00e9s term\u00e9kk\u00edn\u00e1latot.<\/li>\n<li>Weboldalunk fejleszt\u00e9se az \u00d6n jobb kiszolg\u00e1l\u00e1sa \u00e9rdek\u00e9ben.<\/li>\n<li>Annak \u00e9rdek\u00e9ben, hogy jobb szolg\u00e1ltat\u00e1sokat ny\u00fajtsunk \u00d6nnek az \u00fcgyf\u00e9lszolg\u00e1lati ig\u00e9nyek kiel\u00e9g\u00edt\u00e9se \u00e9rdek\u00e9ben.<\/li>\n<li>Rendszeres e-mailek k\u00fcld\u00e9se a megrendel\u00e9sr\u0151l vagy m\u00e1s term\u00e9kekr\u0151l \u00e9s szolg\u00e1ltat\u00e1sokr\u00f3l.<\/li>\n<li>E-mailben t\u00f6rt\u00e9n\u0151 kapcsolatfelv\u00e9tel (\u00e9l\u0151 cseveg\u00e9s, e-mail vagy telefonos k\u00e9rd\u00e9sek)<\/li>\n<\/ul>\n<p>&nbsp;<\/p>\n<p>&nbsp;<\/p>\n<p><strong>Hogyan v\u00e9dj\u00fck meg az \u00d6n adatait?<\/strong><\/p>\n<p>Nem haszn\u00e1lunk beolvas\u00e1st \u00e9s \/ vagy szkennel\u00e9si sebezhet\u0151s\u00e9get a PCI szabv\u00e1nyoknak megfelel\u0151en.<\/p>\n<p>Kiz\u00e1r\u00f3lag cikkeket \u00e9s inform\u00e1ci\u00f3kat k\u00edn\u00e1lunk. Soha nem k\u00e9r\u00fcnk hitelk\u00e1rtya sz\u00e1mot.<\/p>\n<p>Rendszeresen haszn\u00e1ljuk a Malware Scanner szoftvert.<\/p>\n<p>Szem\u00e9lyes adatait egy biztons\u00e1gos h\u00e1l\u00f3zat m\u00f6g\u00f6tt t\u00e1rolj\u00e1k, \u00e9s csak korl\u00e1tozott sz\u00e1m\u00fa emberek f\u00e9rhetnek hozz\u00e1, akiknek k\u00fcl\u00f6nleges hozz\u00e1f\u00e9r\u00e9si joga van az ilyen rendszerekhez, \u00e9s akik k\u00f6telesek az inform\u00e1ci\u00f3kat bizalmasan kezelni. Ezenk\u00edv\u00fcl az \u00f6sszes \u00e9rz\u00e9keny hitel \/ inform\u00e1ci\u00f3 titkos\u00edtva van a Secure Socket Layer (SSL) technol\u00f3gia \u00e1ltal.<\/p>\n<p>K\u00fcl\u00f6nf\u00e9le biztons\u00e1gi int\u00e9zked\u00e9seket hajtunk v\u00e9gre, amikor a felhaszn\u00e1l\u00f3 szem\u00e9lyes adatainak biztons\u00e1g\u00e1nak meg\u0151rz\u00e9se \u00e9rdek\u00e9ben adatait megadja, elk\u00fcldi vagy hozz\u00e1juk f\u00e9r.<\/p>\n<p>Az \u00f6sszes tranzakci\u00f3t \u00e1tj\u00e1r\u00f3-szolg\u00e1ltat\u00f3n kereszt\u00fcl dolgozz\u00e1k fel, \u00e9s nem t\u00e1rolj\u00e1k vagy dolgozz\u00e1k fel a szervereinken.<\/p>\n<p>&nbsp;<\/p>\n<p><strong>Haszn\u00e1lunk &#8220;s\u00fctiket&#8221;?<\/strong><\/p>\n<p>Igen. A s\u00fctik olyan kis f\u00e1jlok, amelyeket egy webhely vagy annak szolg\u00e1ltat\u00f3ja a webb\u00f6ng\u00e9sz\u0151n kereszt\u00fcl tov\u00e1bb\u00edt a sz\u00e1m\u00edt\u00f3g\u00e9p merevlemez\u00e9re (ha megengedi), amely lehet\u0151v\u00e9 teszi a webhely vagy a szolg\u00e1ltat\u00f3 rendszer\u00e9nek, hogy felismerje b\u00f6ng\u00e9sz\u0151j\u00e9t \u00e9s bizonyos inform\u00e1ci\u00f3k r\u00f6gz\u00edt\u00e9s\u00e9t \u00e9s eml\u00e9kez\u00e9s\u00e9t. P\u00e9ld\u00e1ul s\u00fctiket haszn\u00e1lunk annak \u00e9rdek\u00e9ben, hogy megjegyezz\u00fck \u00e9s feldolgozzuk a kos\u00e1rban l\u00e9v\u0151 cikket. Arra is felhaszn\u00e1lj\u00e1k, hogy seg\u00edtsen nek\u00fcnk meg\u00e9rteni preferenci\u00e1it az \u00d6n kor\u00e1bbi tev\u00e9kenys\u00e9ge vagy jelenlegi webhelye alapj\u00e1n, amely lehet\u0151v\u00e9 teszi sz\u00e1munkra, hogy tov\u00e1bbfejlesztett szolg\u00e1ltat\u00e1sokat k\u00edn\u00e1ljunk \u00d6nnek. Ezenk\u00edv\u00fcl s\u00fctiket is haszn\u00e1lunk, hogy \u00f6sszegy\u0171jt\u00f6tt adatokat gy\u0171jts\u00fcnk a webhely forgalm\u00e1r\u00f3l \u00e9s a webhely interakci\u00f3ir\u00f3l, hogy jobb tapasztalatokat \u00e9s eszk\u00f6z\u00f6ket biztos\u00edtsunk a webhelyen.<\/p>\n<p><strong>S\u00fctiket haszn\u00e1lunk annak \u00e9rdek\u00e9ben, hogy:<\/strong><\/p>\n<ul>\n<li>Meg\u00e9rtheti \u00e9s mentheti a felhaszn\u00e1l\u00f3i preferenci\u00e1kat a j\u00f6v\u0151beli l\u00e1togat\u00e1sokhoz.<\/li>\n<li>\u00d6ssze\u00e1ll\u00edtott adatok \u00f6ssze\u00e1ll\u00edt\u00e1sa a webhely forgalm\u00e1r\u00f3l \u00e9s a webhely interakci\u00f3ir\u00f3l, hogy a j\u00f6v\u0151ben jobb webhely-\u00e9lm\u00e9nyt \u00e9s eszk\u00f6z\u00f6ket biztos\u00edtson. Haszn\u00e1lhatjuk megb\u00edzhat\u00f3 harmadik f\u00e9l szolg\u00e1ltat\u00e1sait is, amelyek a nev\u00fcnkben k\u00f6vetik ezeket az inform\u00e1ci\u00f3kat.<\/li>\n<\/ul>\n<p>V\u00e1laszthat \u00fagy, hogy figyelmezteti a sz\u00e1m\u00edt\u00f3g\u00e9pet minden egyes s\u00fcti elk\u00fcld\u00e9s\u00e9re, vagy letilthatja az \u00f6sszes s\u00fcti haszn\u00e1lat\u00e1t. Ezt a b\u00f6ng\u00e9sz\u0151 be\u00e1ll\u00edt\u00e1sain kereszt\u00fcl v\u00e9gezheti el. Mivel az egyes b\u00f6ng\u00e9sz\u0151k kiss\u00e9 k\u00fcl\u00f6nb\u00f6znek, tekintse meg a b\u00f6ng\u00e9sz\u0151 s\u00fag\u00f3 men\u00fcj\u00e9t, hogy megtudja a helyes m\u00f3dszert, hogyan v\u00e1ltoztathatja meg a s\u00fctik preferenci\u00e1it.<\/p>\n<p>A s\u00fctik letilt\u00e1sa nem befoly\u00e1solja a felhaszn\u00e1l\u00f3i \u00e9lm\u00e9nyt.<\/p>\n<p>&nbsp;<\/p>\n<p><strong>Harmadik felek nyilv\u00e1noss\u00e1gra hozatala<\/strong><\/p>\n<p>Csak akkor adunk el, cser\u00e9l\u00fcnk vagy m\u00e1s m\u00f3don tov\u00e1bbadjuk szem\u00e9lyesen azonos\u00edthat\u00f3 adatait harmadik f\u00e9l sz\u00e1m\u00e1ra, ha el\u0151re \u00e9rtes\u00edt\u00e9st adunk a felhaszn\u00e1l\u00f3kr\u00f3l. Ez nem foglalja mag\u00e1ba a webhely-fogad\u00f3 partnereket \u00e9s m\u00e1s feleket, akik seg\u00edtenek nek\u00fcnk a weboldal \u00fczemeltet\u00e9s\u00e9ben, \u00fczleti tev\u00e9kenys\u00e9g\u00fcnkben vagy a felhaszn\u00e1l\u00f3k kiszolg\u00e1l\u00e1s\u00e1ban, felt\u00e9ve, hogy ezek a felek meg\u00e1llapodnak abban, hogy ezeket az inform\u00e1ci\u00f3kat bizalmasan kezelik. T\u00e1j\u00e9koztat\u00e1st adhatunk akkor is, ha a t\u00f6rv\u00e9nyek betart\u00e1sa, a weboldal ir\u00e1nyelveinek \u00e9rv\u00e9nyes\u00edt\u00e9se vagy a saj\u00e1t vagy m\u00e1sok jogainak, vagyon\u00e1nak vagy biztons\u00e1g\u00e1nak v\u00e9delme \u00e9rdek\u00e9ben sz\u00fcks\u00e9ges.<\/p>\n<p>Ennek ellen\u00e9re, a l\u00e1togat\u00f3k sz\u00e1m\u00e1ra szem\u00e9lyesen nem azonos\u00edthat\u00f3 inform\u00e1ci\u00f3k m\u00e1s felek r\u00e9sz\u00e9re is \u00e1tadhat\u00f3k marketing, rekl\u00e1moz\u00e1s vagy egy\u00e9b felhaszn\u00e1l\u00e1s c\u00e9lj\u00e1b\u00f3l.<\/p>\n<p><strong>Harmadik f\u00e9l linkei<\/strong><\/p>\n<p>Weboldalunkon nem jelen\u00edtj\u00fck meg \u00e9s nem k\u00edn\u00e1lunk harmadik f\u00e9l term\u00e9keit vagy szolg\u00e1ltat\u00e1sait.<\/p>\n<p>&nbsp;<\/p>\n<p><strong>Google<\/strong><\/p>\n<p>A Google hirdet\u00e9si k\u00f6vetelm\u00e9nyeit a Google hirdet\u00e9si alapelvei szerint lehet \u00f6sszefoglalni. \u00dagy fejlesztett\u00e9k ki, hogy pozit\u00edv felhaszn\u00e1l\u00f3i \u00e9lm\u00e9nyt biztos\u00edthassanak. https:\/\/support.google.com\/adwordspolicy\/answer\/1316548?hl=en<\/p>\n<p>Weboldalunkon a Google AdSense Advertising alkalmaz\u00e1st haszn\u00e1ljuk.<\/p>\n<p>A Google, mint harmadik f\u00e9l szolg\u00e1ltat\u00f3, s\u00fctik haszn\u00e1lat\u00e1val hirdet\u00e9seket jelen\u00edt meg webhely\u00fcnk\u00f6n. A Google \u00e1ltal a DART s\u00fcti haszn\u00e1lata lehet\u0151v\u00e9 teszi hirdet\u0151k kiszolg\u00e1l\u00e1s\u00e1t webhely\u00fcnk kor\u00e1bbi l\u00e1togat\u00e1sain \u00e9s m\u00e1s internetes webhelyek alapj\u00e1n. A felhaszn\u00e1l\u00f3k leiratkozhatnak a DART s\u00fctik haszn\u00e1lat\u00e1r\u00f3l, ha megl\u00e1togatj\u00e1k a Google hirdet\u00e9si h\u00e1l\u00f3zatainak \u00e9s tartalm\u00e1nak adatv\u00e9delmi ir\u00e1nyelveit.<\/p>\n<p><strong>A k\u00f6vetkez\u0151ket hajtottuk v\u00e9gre:<\/strong><\/p>\n<ul>\n<li>A megjelen\u00edt\u00e9sek jelent\u00e9se a Google display h\u00e1l\u00f3zaton<\/li>\n<li>Demogr\u00e1fia \u00e9s \u00e9rdekl\u0151d\u00e9sjelent\u00e9s<\/li>\n<li>DoubleClick platform integr\u00e1ci\u00f3<\/li>\n<\/ul>\n<p>Mi, harmadik f\u00e9l szolg\u00e1ltat\u00f3ival, p\u00e9ld\u00e1ul a Google-val, els\u0151dleges cookie-kat (p\u00e9ld\u00e1ul Google Analytics s\u00fctiket) \u00e9s harmadik f\u00e9lt\u0151l sz\u00e1rmaz\u00f3 cookie-kat (p\u00e9ld\u00e1ul a DoubleClick cookie-kat) vagy m\u00e1s harmadik f\u00e9l azonos\u00edt\u00f3kat haszn\u00e1lunk \u00f6ssze\u00e1ll\u00edt\u00e1sra adatok a felhaszn\u00e1l\u00f3i interakci\u00f3kr\u00f3l a hirdet\u00e9sek megjelen\u00edt\u00e9s\u00e9vel \u00e9s m\u00e1s hirdet\u00e9si szolg\u00e1ltat\u00e1sokkal, mivel azok a webhely\u00fcnkre utalnak.<\/p>\n<p><strong>A lemond\u00e1s:<\/strong><\/p>\n<p>A felhaszn\u00e1l\u00f3k be\u00e1ll\u00edthatj\u00e1k, hogy a Google hogyan hirdethessen a Google Advertising Settings oldal\u00e1n. Alternat\u00edv megold\u00e1sk\u00e9nt leiratkozhatnak a hirdet\u00e9s kezdem\u00e9nyez\u00e9si oldal megl\u00e1togat\u00e1s\u00e1r\u00f3l vagy a Google Analytics b\u00f6ng\u00e9sz\u0151 opci\u00f3j\u00e1nak haszn\u00e1lat\u00e1val<\/p>\n<p>&nbsp;<\/p>\n<p><strong>Kaliforniai online adatv\u00e9delmi t\u00f6rv\u00e9ny<\/strong><\/p>\n<p>A CalOPPA az els\u0151 olyan \u00e1llami t\u00f6rv\u00e9ny az orsz\u00e1gban, amely el\u0151\u00edrja, hogy a kereskedelmi webhelyek \u00e9s az online szolg\u00e1ltat\u00e1sok az adatv\u00e9delmi politika k\u00f6zz\u00e9t\u00e9tel\u00e9t \u00edrj\u00e1k el\u0151. A t\u00f6rv\u00e9ny messze Kaliforni\u00e1n t\u00fal is kiterjed annak el\u0151\u00edr\u00e1s\u00e1ra, hogy az Egyes\u00fclt \u00c1llamokban (\u00e9s a vil\u00e1g is elk\u00e9pzelhet\u0151) minden olyan szem\u00e9lyt vagy t\u00e1rsas\u00e1got, amely olyan webhelyeket m\u0171k\u00f6dtet, amelyek szem\u00e9lyes azonos\u00edt\u00e1s\u00fa inform\u00e1ci\u00f3kat gy\u0171jtnek a kaliforniai fogyaszt\u00f3kt\u00f3l, l\u00e1that\u00f3 &nbsp;adatv\u00e9delmi politik\u00e1t tegyenek k\u00f6zz\u00e9 a weboldalukon, \u00e9s pontosan meghat\u00e1rozva az \u00f6sszegy\u0171jt\u00f6tt inform\u00e1ci\u00f3kat \u00e9s azokat a mag\u00e1nszem\u00e9lyeket vagy c\u00e9geket, akikkel megosztj\u00e1k azokat. &#8211; Tov\u00e1bbi inform\u00e1ci\u00f3: http:\/\/consumercal.org\/california-online-privacy-protection-act-caloppa\/#sthash.0FdRbT51.dpuf<\/p>\n<p><strong>A CalOPPA szerint egyet\u00e9rt\u00fcnk a k\u00f6vetkez\u0151kkel:<\/strong><\/p>\n<p>A felhaszn\u00e1l\u00f3k n\u00e9vtelen\u00fcl megl\u00e1togathatj\u00e1k webhely\u00fcnket.<\/p>\n<p>Miut\u00e1n elk\u00e9sz\u00edtett\u00fck ezt az adatv\u00e9delmi politik\u00e1t, hozz\u00e1adunk egy linket honlapunkhoz, vagy legal\u00e1bb az els\u0151 jelent\u0151s oldalhoz, amelyet a webhely\u00fcnkre val\u00f3 bel\u00e9p\u00e9s ut\u00e1n adunk hozz\u00e1.<\/p>\n<p>Adatv\u00e9delmi politika link tartalmazza az &#8220;Adatv\u00e9delem&#8221; sz\u00f3t, \u00e9s k\u00f6nnyen megtal\u00e1lhat\u00f3 a fenti oldalon.<\/p>\n<p>\u00c9rtes\u00edt\u00e9st kapunk az adatv\u00e9delmi politika b\u00e1rmilyen v\u00e1ltoz\u00e1s\u00e1r\u00f3l:<\/p>\n<ul>\n<li>Az adatv\u00e9delmi politika oldal\u00e1n<\/li>\n<\/ul>\n<p>Megv\u00e1ltoztathatja szem\u00e9lyes adatait:<\/p>\n<ul>\n<li>E-mailben<\/li>\n<\/ul>\n<p><strong>Hogyan kezeli a webhely\u00fcnk a DNT (Do not track) jeleket?<\/strong><\/p>\n<p>Tiszteletben tartjuk a Do not Track jeleket, \u00e9s nem k\u00f6vetj\u00fck, nem \u00fcltet\u00fcnk s\u00fctiket, \u00e9s nem haszn\u00e1ljuk a rekl\u00e1moz\u00e1st, ha l\u00e9tezik egy Do Not Track (DNT) b\u00f6ng\u00e9sz\u0151 mechanizmus.<\/p>\n<p><strong>Webhely\u00fcnk lehet\u0151v\u00e9 teszi harmadik f\u00e9l viselked\u00e9s\u00e9nek nyomon k\u00f6vet\u00e9s\u00e9t?<\/strong><\/p>\n<p>Fontos megjegyezni, hogy megengedj\u00fck harmadik f\u00e9l viselked\u00e9s\u00e9nek nyomon k\u00f6vet\u00e9s\u00e9t<\/p>\n<p>&nbsp;<strong>COPPA (a gyermekek online mag\u00e1n\u00e9let\u00e9nek v\u00e9delm\u00e9r\u0151l sz\u00f3l\u00f3 t\u00f6rv\u00e9ny)<\/strong><\/p>\n<p>A 13 \u00e9v alatti gyermekekt\u0151l sz\u00e1rmaz\u00f3 szem\u00e9lyes adatok gy\u0171jt\u00e9sekor a gyermekek online adatv\u00e9delmi t\u00f6rv\u00e9nye (COPPA) a sz\u00fcl\u0151k ellen\u0151rz\u00e9s\u00e9t ir\u00e1ny\u00edtja. A Sz\u00f6vets\u00e9gi Kereskedelmi Bizotts\u00e1g, az Egyes\u00fclt \u00c1llamok Fogyaszt\u00f3v\u00e9delmi \u00dcgyn\u00f6ks\u00e9ge a COPPA szab\u00e1lyt alkalmazza, amely magyar\u00e1zza, hogy a webhelyek \u00e9s az online szolg\u00e1ltat\u00e1sok \u00fczemeltet\u0151inek mit kell tenni\u00fck a gyermekek online mag\u00e1n\u00e9let\u00e9nek \u00e9s biztons\u00e1g\u00e1nak v\u00e9delme \u00e9rdek\u00e9ben.<\/p>\n<p>Nem kifejezetten a 13 \u00e9v alatti gyermekeket forgalmazzuk.<\/p>\n<p><strong>Tisztess\u00e9ges inform\u00e1ci\u00f3s gyakorlat<\/strong><\/p>\n<p>A tisztess\u00e9ges inform\u00e1ci\u00f3s gyakorlatok alapelvei k\u00e9pezik az Egyes\u00fclt \u00c1llamok adatv\u00e9delmi t\u00f6rv\u00e9ny\u00e9nek gerinc\u00e9t, \u00e9s az \u00e1ltaluk alkalmazott fogalmak jelent\u0151s szerepet j\u00e1tszottak az adatv\u00e9delmi t\u00f6rv\u00e9nyek vil\u00e1gszerte t\u00f6rt\u00e9n\u0151 kidolgoz\u00e1s\u00e1ban. A tisztess\u00e9ges inform\u00e1ci\u00f3s gyakorlat elveinek \u00e9s azok v\u00e9grehajt\u00e1s\u00e1nak meg\u00e9rt\u00e9se elengedhetetlen a szem\u00e9lyes inform\u00e1ci\u00f3kat v\u00e9d\u0151 k\u00fcl\u00f6nf\u00e9le adatv\u00e9delmi t\u00f6rv\u00e9nyek fenntart\u00e1s\u00e1hoz.<\/p>\n<p><strong>A tisztess\u00e9ges inform\u00e1ci\u00f3s gyakorlat tiszteletben tart\u00e1sa \u00e9rdek\u00e9ben az adatv\u00e9delem megs\u00e9rt\u00e9se eset\u00e9n a k\u00f6vetkez\u0151 int\u00e9zked\u00e9seket fogjuk tenni:<\/strong><\/p>\n<p>E-mailben \u00e9rtes\u00edtj\u00fck \u00d6nt<\/p>\n<ul>\n<li>7 munkanapon bel\u00fcl<\/li>\n<\/ul>\n<p>A felhaszn\u00e1l\u00f3kat helysz\u00edni \u00e9rtes\u00edt\u00e9s \u00fatj\u00e1n \u00e9rtes\u00edtj\u00fck<\/p>\n<ul>\n<li>7 munkanapon bel\u00fcl<\/li>\n<\/ul>\n<p>Egyet\u00e9rt\u00fcnk az egy\u00e9ni rehabilit\u00e1ci\u00f3s elvvel is, amely el\u0151\u00edrja, hogy az egy\u00e9neknek jogukban \u00e1lljon \u00e9rv\u00e9nyes\u00edteni a v\u00e9grehajt\u00f3i jogokat az adatgy\u0171jt\u0151k \u00e9s adatfeldolgoz\u00f3k ellen, akik nem felelnek meg a t\u00f6rv\u00e9nynek. Ez az elv nem csak az egy\u00e9nek sz\u00e1m\u00e1ra \u00e9rv\u00e9nyes\u00edthet\u0151 jogokat ig\u00e9nyel az adatfelhaszn\u00e1l\u00f3kkal szemben, hanem olyan szem\u00e9lyeket is, akik b\u00edr\u00f3s\u00e1gokat vagy korm\u00e1nyzati \u00fcgyn\u00f6ks\u00e9geket k\u00e9rnek fel az adatfeldolgoz\u00f3k \u00e1ltali szab\u00e1lytalans\u00e1gok kivizsg\u00e1l\u00e1s\u00e1ra \u00e9s \/ vagy \u00fcld\u00f6z\u00e9s\u00e9re.<\/p>\n<p>&nbsp;<\/p>\n<p>CAN SPAM cselekv\u00e9s<\/p>\n<p>A CAN-SPAM t\u00f6rv\u00e9ny olyan t\u00f6rv\u00e9ny, amely meghat\u00e1rozza a kereskedelmi e-mailekre vonatkoz\u00f3 szab\u00e1lyokat, meghat\u00e1rozza a kereskedelmi \u00fczenetekre vonatkoz\u00f3 k\u00f6vetelm\u00e9nyeket, feljogos\u00edtja a c\u00edmzetteket az e-mailek k\u00fcld\u00e9s\u00e9nek megakad\u00e1lyoz\u00e1s\u00e1ra, \u00e9s szigor\u00fa b\u00fcntet\u00e9seket \u00edr el\u0151 jogs\u00e9rt\u00e9sek eset\u00e9n.<\/p>\n<p><strong>Az \u00d6n e-mail c\u00edm\u00e9t a k\u00f6vetkez\u0151 c\u00e9lokra gy\u0171jtj\u00fck:<\/strong><\/p>\n<ul>\n<li>Inform\u00e1ci\u00f3k k\u00fcld\u00e9se, k\u00e9rd\u00e9sek \u00e9s \/ vagy egy\u00e9b k\u00e9r\u00e9sek vagy k\u00e9rd\u00e9sek megv\u00e1laszol\u00e1sa<\/li>\n<\/ul>\n<p><strong>A CANSPAM betart\u00e1sa \u00e9rdek\u00e9ben a k\u00f6vetkez\u0151ket v\u00e1llaljuk:<\/strong><\/p>\n<ul>\n<li>Nem haszn\u00e1lunk hamis vagy f\u00e9lrevezet\u0151 t\u00e9m\u00e1kat vagy e-mail c\u00edmeket.<\/li>\n<li>Az \u00fczenetet \u00e9sszer\u0171 m\u00f3don mint rekl\u00e1m azonos\u00edtjuk.<\/li>\n<li>Beiktatjuk \u00fczleti k\u00f6zpontunk vagy telephely\u00fcnk fizikai c\u00edm\u00e9t.<\/li>\n<li>Figyelemmel k\u00eds\u00e9rj\u00fck a harmadik felek e-mail marketing szolg\u00e1ltat\u00e1sait, ha vannak ilyenek.<\/li>\n<li>Tiszteletben tartjuk a gyors kil\u00e9p\u00e9s \/ leiratkoz\u00e1s ir\u00e1nti k\u00e9relmeket.<\/li>\n<li>Lehet\u0151v\u00e9 teszi a felhaszn\u00e1l\u00f3knak, hogy leiratkozzanak az egyes e-mailek alj\u00e1n tal\u00e1lhat\u00f3 link seg\u00edts\u00e9g\u00e9vel.<\/li>\n<\/ul>\n<p>&nbsp;<\/p>\n<p>Ha szeretne leiratkozni a j\u00f6v\u0151beli e-mailek fogad\u00e1s\u00e1r\u00f3l, k\u00fcldhet nek\u00fcnk e-mailt \u00e9s halad\u00e9ktalanul elt\u00e1vol\u00edtjuk \u00d6nt az \u00f6sszes levelez\u00e9sb\u0151l.<\/p>\n<p>&nbsp;<\/p>\n<p>Kapcsolat<\/p>\n<p>Ha b\u00e1rmilyen k\u00e9rd\u00e9se van ezzel az adatv\u00e9delmi politik\u00e1val kapcsolatban, vegye fel vel\u00fcnk a kapcsolatot az al\u00e1bbi inform\u00e1ci\u00f3k felhaszn\u00e1l\u00e1s\u00e1val.<\/p>\n<p>e-twow.com<\/p>\n<p>Aviatorilor utca 48 sz\u00e1m, Craiova Ipari Park, Dolj, Rom\u00e1nia<\/p>\n<p>Rom\u00e1nia<\/p>\n<p>marketing@e-twow.ro<\/p>\n<p>Utolj\u00e1ra m\u00f3dos\u00edtva: 2018-06-04-\u00e9n<\/p>\n<\/div>\n<\/div>\n<\/div><\/div><\/div><\/div><\/div><\/div><\/div><\/section>\n","protected":false},"excerpt":{"rendered":"Adatv\u00e9delmi politika Ezt az adatv\u00e9delmi politik\u00e1t \u00fagy fejlesztett\u00e9k ki, hogy jobban szolg\u00e1lja azokat, akik agg\u00f3dnak a &#8220;Szem\u00e9lyes azonos\u00edt\u00f3 inform\u00e1ci\u00f3k&#8221; (PII) online m\u00f3dj\u00e1nak felhaszn\u00e1l\u00e1sa miatt. A PII, az Egyes\u00fclt \u00c1llamok adatv\u00e9delmi t\u00f6rv\u00e9ny\u00e9nek \u00e9s inform\u00e1ci\u00f3biztons\u00e1g\u00e1nak megfelel\u0151en, olyan inform\u00e1ci\u00f3, amelyet egy vagy m\u00e1s inform\u00e1ci\u00f3 felhaszn\u00e1lhat egyetlen szem\u00e9ly azonos\u00edt\u00e1s\u00e1ra, kapcsolattart\u00e1s\u00e1ra vagy lokaliz\u00e1l\u00e1s\u00e1ra, vagy egy szem\u00e9ly azonos\u00edt\u00e1s\u00e1ra a kontextusban. K\u00e9rj\u00fck,...","protected":false},"author":1,"featured_media":0,"parent":0,"menu_order":0,"comment_status":"closed","ping_status":"closed","template":"","meta":{"ngg_post_thumbnail":0,"footnotes":""},"class_list":["post-9379","page","type-page","status-publish","hentry"],"yoast_head":"<!-- This site is optimized with the Yoast SEO Premium plugin v27.4 (Yoast SEO v27.4) - https:\/\/yoast.com\/product\/yoast-seo-premium-wordpress\/ -->\n<title>Adatv\u00e9delmi politika - E-TWOW<\/title>\n<meta name=\"robots\" content=\"index, follow, max-snippet:-1, max-image-preview:large, max-video-preview:-1\" \/>\n<link rel=\"canonical\" href=\"https:\/\/e-twow.com\/privacy-policy\/\" \/>\n<meta property=\"og:locale\" content=\"hu_HU\" \/>\n<meta property=\"og:type\" content=\"article\" \/>\n<meta property=\"og:title\" content=\"Adatv\u00e9delmi politika\" \/>\n<meta property=\"og:url\" content=\"https:\/\/e-twow.com\/privacy-policy\/\" \/>\n<meta property=\"og:site_name\" content=\"E-TWOW\" \/>\n<meta property=\"article:modified_time\" content=\"2020-04-07T06:55:14+00:00\" \/>\n<meta name=\"twitter:card\" content=\"summary_large_image\" \/>\n<meta name=\"twitter:label1\" content=\"Becs\u00fclt olvas\u00e1si id\u0151\" \/>\n\t<meta name=\"twitter:data1\" content=\"12 perc\" \/>\n<script type=\"application\/ld+json\" class=\"yoast-schema-graph\">{\"@context\":\"https:\\\/\\\/schema.org\",\"@graph\":[{\"@type\":\"WebPage\",\"@id\":\"https:\\\/\\\/e-twow.com\\\/privacy-policy\\\/\",\"url\":\"https:\\\/\\\/e-twow.com\\\/privacy-policy\\\/\",\"name\":\"Adatv\u00e9delmi politika - E-TWOW\",\"isPartOf\":{\"@id\":\"https:\\\/\\\/e-twow.com\\\/#website\"},\"datePublished\":\"2018-06-04T10:01:33+00:00\",\"dateModified\":\"2020-04-07T06:55:14+00:00\",\"breadcrumb\":{\"@id\":\"https:\\\/\\\/e-twow.com\\\/privacy-policy\\\/#breadcrumb\"},\"inLanguage\":\"hu\",\"potentialAction\":[{\"@type\":\"ReadAction\",\"target\":[\"https:\\\/\\\/e-twow.com\\\/privacy-policy\\\/\"]}]},{\"@type\":\"BreadcrumbList\",\"@id\":\"https:\\\/\\\/e-twow.com\\\/privacy-policy\\\/#breadcrumb\",\"itemListElement\":[{\"@type\":\"ListItem\",\"position\":1,\"name\":\"Kezd\u0151lap\",\"item\":\"https:\\\/\\\/e-twow.com\\\/\"},{\"@type\":\"ListItem\",\"position\":2,\"name\":\"Adatv\u00e9delmi politika\"}]},{\"@type\":\"WebSite\",\"@id\":\"https:\\\/\\\/e-twow.com\\\/#website\",\"url\":\"https:\\\/\\\/e-twow.com\\\/\",\"name\":\"E-TWOW\",\"description\":\"Portable Scooter\",\"potentialAction\":[{\"@type\":\"SearchAction\",\"target\":{\"@type\":\"EntryPoint\",\"urlTemplate\":\"https:\\\/\\\/e-twow.com\\\/?s={search_term_string}\"},\"query-input\":{\"@type\":\"PropertyValueSpecification\",\"valueRequired\":true,\"valueName\":\"search_term_string\"}}],\"inLanguage\":\"hu\"}]}<\/script>\n<!-- \/ Yoast SEO Premium plugin. -->","yoast_head_json":{"title":"Adatv\u00e9delmi politika - E-TWOW","robots":{"index":"index","follow":"follow","max-snippet":"max-snippet:-1","max-image-preview":"max-image-preview:large","max-video-preview":"max-video-preview:-1"},"canonical":"https:\/\/e-twow.com\/privacy-policy\/","og_locale":"hu_HU","og_type":"article","og_title":"Adatv\u00e9delmi politika","og_url":"https:\/\/e-twow.com\/privacy-policy\/","og_site_name":"E-TWOW","article_modified_time":"2020-04-07T06:55:14+00:00","twitter_card":"summary_large_image","twitter_misc":{"Becs\u00fclt olvas\u00e1si id\u0151":"12 perc"},"schema":{"@context":"https:\/\/schema.org","@graph":[{"@type":"WebPage","@id":"https:\/\/e-twow.com\/privacy-policy\/","url":"https:\/\/e-twow.com\/privacy-policy\/","name":"Adatv\u00e9delmi politika - E-TWOW","isPartOf":{"@id":"https:\/\/e-twow.com\/#website"},"datePublished":"2018-06-04T10:01:33+00:00","dateModified":"2020-04-07T06:55:14+00:00","breadcrumb":{"@id":"https:\/\/e-twow.com\/privacy-policy\/#breadcrumb"},"inLanguage":"hu","potentialAction":[{"@type":"ReadAction","target":["https:\/\/e-twow.com\/privacy-policy\/"]}]},{"@type":"BreadcrumbList","@id":"https:\/\/e-twow.com\/privacy-policy\/#breadcrumb","itemListElement":[{"@type":"ListItem","position":1,"name":"Kezd\u0151lap","item":"https:\/\/e-twow.com\/"},{"@type":"ListItem","position":2,"name":"Adatv\u00e9delmi politika"}]},{"@type":"WebSite","@id":"https:\/\/e-twow.com\/#website","url":"https:\/\/e-twow.com\/","name":"E-TWOW","description":"Portable Scooter","potentialAction":[{"@type":"SearchAction","target":{"@type":"EntryPoint","urlTemplate":"https:\/\/e-twow.com\/?s={search_term_string}"},"query-input":{"@type":"PropertyValueSpecification","valueRequired":true,"valueName":"search_term_string"}}],"inLanguage":"hu"}]}},"_links":{"self":[{"href":"https:\/\/e-twow.com\/hu\/wp-json\/wp\/v2\/pages\/9379","targetHints":{"allow":["GET"]}}],"collection":[{"href":"https:\/\/e-twow.com\/hu\/wp-json\/wp\/v2\/pages"}],"about":[{"href":"https:\/\/e-twow.com\/hu\/wp-json\/wp\/v2\/types\/page"}],"author":[{"embeddable":true,"href":"https:\/\/e-twow.com\/hu\/wp-json\/wp\/v2\/users\/1"}],"replies":[{"embeddable":true,"href":"https:\/\/e-twow.com\/hu\/wp-json\/wp\/v2\/comments?post=9379"}],"version-history":[{"count":2,"href":"https:\/\/e-twow.com\/hu\/wp-json\/wp\/v2\/pages\/9379\/revisions"}],"predecessor-version":[{"id":9424,"href":"https:\/\/e-twow.com\/hu\/wp-json\/wp\/v2\/pages\/9379\/revisions\/9424"}],"wp:attachment":[{"href":"https:\/\/e-twow.com\/hu\/wp-json\/wp\/v2\/media?parent=9379"}],"curies":[{"name":"wp","href":"https:\/\/api.w.org\/{rel}","templated":true}]}}